{"id":2700,"date":"2025-05-07T15:53:46","date_gmt":"2025-05-07T18:53:46","guid":{"rendered":"https:\/\/schapter.ufpr.br\/portal\/?page_id=2700"},"modified":"2026-04-29T15:49:19","modified_gmt":"2026-04-29T18:49:19","slug":"webinarios-2025","status":"publish","type":"page","link":"https:\/\/schapter.ufpr.br\/portal\/webinarios-2025\/","title":{"rendered":"Webin\u00e1rios de 2025"},"content":{"rendered":"\n<style>\n    .seminarios-section {\n        \/*font-family: 'Open Sans', sans-serif;*\/\n        color: #333;\n        margin-bottom: 50px;\n    }\n\n    .lista-webinarios {\n        max-width: 1000px;\n        margin: 0 auto;\n    }\n\n    .intro {\n        max-width: 850px;\n        margin: 0 auto 40px;\n        text-indent: 30px;\n        line-height: 1.6;\n        font-size: 1em;\n    }\n\n    .item-webinario {\n        padding: 15px 10px;\n        border-bottom: 1px solid #ddd;\n    }\n\n    .item-webinario a {\n        text-decoration: none;\n        color: #7a5299;\n        font-weight: 700;\n    }\n\n    .item-webinario a:hover {\n        text-decoration: underline;\n    }\n\n    .info-webinario {\n        font-size: 0.9em;\n        color: #555;\n        margin-top: 5px;\n    }\n<\/style>\n\n<div class=\"seminarios-section\">\n\n    <div class=\"intro\">\n        <p>\n            Em 2025, os webin\u00e1rios destacaram a presen\u00e7a e a atua\u00e7\u00e3o de mulheres na \u00d3ptica, reunindo pesquisadoras e estudantes de diferentes institui\u00e7\u00f5es. A programa\u00e7\u00e3o tamb\u00e9m incluiu discuss\u00f5es sobre tecnologias qu\u00e2nticas, conectando temas de pesquisa atual com divulga\u00e7\u00e3o cient\u00edfica.\n        <\/p>\n    <\/div>\n\n    <div class=\"lista-webinarios\">\n\n        <div class=\"item-webinario\">\n            <a href=\"https:\/\/www.youtube.com\/watch?v=cnCfM5mtg0A\" target=\"_blank\" rel=\"noopener\">\n                Mulheres na \u00d3ptica\n            <\/a>\n            <div class=\"info-webinario\">\n                Palestrante: Prof\u00aa Dra. Denise M. Zezell (USP\/IPEN)\n            <\/div>\n        <\/div>\n\n        <div class=\"item-webinario\">\n            <a href=\"https:\/\/www.youtube.com\/watch?v=f1tFc4XqSD0\" target=\"_blank\" rel=\"noopener\">\n                Mulheres na \u00d3ptica\n            <\/a>\n            <div class=\"info-webinario\">\n                Palestrante: MSc. Maria J\u00falia Marques (USP\/IFSC)\n            <\/div>\n        <\/div>\n\n        <div class=\"item-webinario\">\n            <a href=\"https:\/\/www.youtube.com\/watch?v=clcv5sZk5H0\" target=\"_blank\" rel=\"noopener\">\n                Mulheres na \u00d3ptica\n            <\/a>\n            <div class=\"info-webinario\">\n                Palestrante: Daniella L\u00famara Mendes (USP\/IPEN)\n            <\/div>\n        <\/div>\n\n        <div class=\"item-webinario\">\n            <a href=\"https:\/\/www.youtube.com\/watch?v=3S4QP3xo_m4\" target=\"_blank\" rel=\"noopener\">\n                Mulheres na \u00d3ptica\n            <\/a>\n            <div class=\"info-webinario\">\n                Palestrante: Prof\u00aa Dra. Ana Maria de Paula (UFMG)\n            <\/div>\n        <\/div>\n\n        <div class=\"item-webinario\">\n            <a href=\"https:\/\/www.youtube.com\/watch?v=8RfFO9rebDY\" target=\"_blank\" rel=\"noopener\">\n                Mulheres na \u00d3ptica\n            <\/a>\n            <div class=\"info-webinario\">\n                Palestrante: MSc. Wanessa A. de Andrade (PUC-Rio)\n            <\/div>\n        <\/div>\n\n        <div class=\"item-webinario\">\n            <a href=\"https:\/\/www.youtube.com\/watch?v=oDLt2sUONJw\" target=\"_blank\" rel=\"noopener\">\n                Mulheres na \u00d3ptica\n            <\/a>\n            <div class=\"info-webinario\">\n                Palestrante: Prof\u00aa Dra. Nath\u00e1lia B. Tomazio (USP)\n            <\/div>\n        <\/div>\n\n        <div class=\"item-webinario\">\n            <a href=\"https:\/\/www.youtube.com\/watch?v=XMvbe7prJn0\" target=\"_blank\" rel=\"noopener\">\n                Dia da Luz: Qubits supercondutores, construindo as pe\u00e7as de um computador qu\u00e2ntico\n            <\/a>\n            <div class=\"info-webinario\">\n                Palestrante: Rodrigo Benevides (USP)\n            <\/div>\n        <\/div>\n\n<div class=\"item-webinario\">\n    <a href=\"https:\/\/www.youtube.com\/watch?v=qXXwSl61f4o\" target=\"_blank\" rel=\"noopener\">\n        Semin\u00e1rio \u2013 Dia da Luz\n    <\/a>\n    <div class=\"info-webinario\">\n        Palestrante: Rita de C\u00e1ssia dos Anjos\n    <\/div>\n<\/div>\n\n<div class=\"item-webinario\">\n    <a href=\"https:\/\/www.youtube.com\/watch?v=Bwc2d5Gz_sM\" target=\"_blank\" rel=\"noopener\">\n        Semin\u00e1rio \u2013 Dia da Luz\n    <\/a>\n    <div class=\"info-webinario\">\n        Palestrante: B\u00e1rbara Rosa\n    <\/div>\n<\/div>\n\n<div class=\"item-webinario\">\n    <a href=\"https:\/\/www.youtube.com\/watch?v=3adPZbkThf0\" target=\"_blank\" rel=\"noopener\">\n        Semin\u00e1rio \u2013 Dia da Luz\n    <\/a>\n    <div class=\"info-webinario\">\n        Palestrante: Jhonattan Cordoba\n    <\/div>\n<\/div>\n\n<div class=\"item-webinario\">\n    <a href=\"https:\/\/www.youtube.com\/watch?v=wowRdBF13nM\" target=\"_blank\" rel=\"noopener\">\n        Webin\u00e1rio SOFTE 1\n    <\/a>\n    <div class=\"info-webinario\">\n        Palestrante: Christiano Jos\u00e9 Santiago de Matos\n    <\/div>\n<\/div>\n\n<div class=\"item-webinario\">\n    <a href=\"https:\/\/www.youtube.com\/watch?v=ZP0RrpM1zHA\" target=\"_blank\" rel=\"noopener\">\n        Webin\u00e1rio SOFTE 2\n    <\/a>\n    <div class=\"info-webinario\">\n        Palestrante: Sidney Jos\u00e9 Lima Ribeiro\n    <\/div>\n<\/div>\n\n<div class=\"item-webinario\">\n    <a href=\"https:\/\/www.youtube.com\/watch?v=06KZoiAoa4U\" target=\"_blank\" rel=\"noopener\">\n        Webin\u00e1rio SOFTE 3\n    <\/a>\n    <div class=\"info-webinario\">\n        Palestrante: Lilia Coronato Courrol\n    <\/div>\n<\/div>\n\n<div class=\"item-webinario\">\n    <a href=\"https:\/\/www.youtube.com\/watch?v=SCspbi0qNXk\" target=\"_blank\" rel=\"noopener\">\n        Webin\u00e1rio SOFTE 4\n    <\/a>\n    <div class=\"info-webinario\">\n        Palestrante: Lauro June Queiroz Maia\n    <\/div>\n<\/div>\n\n<div class=\"item-webinario\">\n    <a href=\"https:\/\/www.youtube.com\/watch?v=MoxD47umLUE\" target=\"_blank\" rel=\"noopener\">\n        Semin\u00e1rio: Computa\u00e7\u00e3o Qu\u00e2ntica no Mercado Financeiro\n    <\/a>\n    <div class=\"info-webinario\">\n        Palestrante: Ms. Cesar Amaral (UFPR)\n    <\/div>\n<\/div>\n\n    <\/div>\n\n<\/div>\n","protected":false},"excerpt":{"rendered":"<p>Em 2025, os webin\u00e1rios destacaram a presen\u00e7a e a atua\u00e7\u00e3o de mulheres na \u00d3ptica, reunindo pesquisadoras e estudantes de diferentes institui\u00e7\u00f5es. A programa\u00e7\u00e3o tamb\u00e9m incluiu [&hellip;]<\/p>\n","protected":false},"author":18,"featured_media":0,"parent":0,"menu_order":0,"comment_status":"closed","ping_status":"closed","template":"","meta":[],"_links":{"self":[{"href":"https:\/\/schapter.ufpr.br\/portal\/wp-json\/wp\/v2\/pages\/2700"}],"collection":[{"href":"https:\/\/schapter.ufpr.br\/portal\/wp-json\/wp\/v2\/pages"}],"about":[{"href":"https:\/\/schapter.ufpr.br\/portal\/wp-json\/wp\/v2\/types\/page"}],"author":[{"embeddable":true,"href":"https:\/\/schapter.ufpr.br\/portal\/wp-json\/wp\/v2\/users\/18"}],"replies":[{"embeddable":true,"href":"https:\/\/schapter.ufpr.br\/portal\/wp-json\/wp\/v2\/comments?post=2700"}],"version-history":[{"count":9,"href":"https:\/\/schapter.ufpr.br\/portal\/wp-json\/wp\/v2\/pages\/2700\/revisions"}],"predecessor-version":[{"id":2871,"href":"https:\/\/schapter.ufpr.br\/portal\/wp-json\/wp\/v2\/pages\/2700\/revisions\/2871"}],"wp:attachment":[{"href":"https:\/\/schapter.ufpr.br\/portal\/wp-json\/wp\/v2\/media?parent=2700"}],"curies":[{"name":"wp","href":"https:\/\/api.w.org\/{rel}","templated":true}]}}