{"id":2656,"date":"2025-04-30T10:37:00","date_gmt":"2025-04-30T13:37:00","guid":{"rendered":"https:\/\/schapter.ufpr.br\/portal\/?page_id=2656"},"modified":"2026-04-29T15:49:10","modified_gmt":"2026-04-29T18:49:10","slug":"webinarios-2024","status":"publish","type":"page","link":"https:\/\/schapter.ufpr.br\/portal\/webinarios-2024\/","title":{"rendered":"Webin\u00e1rios de 2024"},"content":{"rendered":"\n<style>\n    .seminarios-section {\n        \/*font-family: 'Open Sans', sans-serif;*\/\n        color: #333;\n        margin-bottom: 50px;\n    }\n\n.lista-webinarios {\n    max-width: 1000px;\n    margin: 0 auto;\n}\n    .intro {\n        max-width: 850px;\n        margin: 0 auto 40px;\n        text-indent: 30px;\n        line-height: 1.6;\n        font-size: 1em;\n    }\n\n.item-webinario {\n    padding: 15px 10px;\n    border-bottom: 1px solid #ddd;\n}\n\n.item-webinario a {\n    text-decoration: none;\n    color: #7a5299;\n    font-weight: 700;\n}\n\n.item-webinario a:hover {\n    text-decoration: underline;\n}\n\n.info-webinario {\n    font-size: 0.9em;\n    color: #555;\n    margin-top: 5px;\n}\n<\/style>\n\n<div class=\"seminarios-section\">\n\n    <div class=\"intro\">\n        <p>\nEm 2024, os webin\u00e1rios abordaram temas atuais como tecnologias qu\u00e2nticas, aplica\u00e7\u00f5es da \u00d3ptica e divulga\u00e7\u00e3o cient\u00edfica, com participa\u00e7\u00e3o de pesquisadores de diferentes institui\u00e7\u00f5es.\nA seguir, est\u00e3o os webin\u00e1rios do ano.\n    <\/p>\n    <\/div>\n\n<div class=\"item-webinario\">\n    <a href=\"https:\/\/www.youtube.com\/watch?v=P_DjAY4iaZw\" target=\"_blank\" rel=\"noopener\">\n        Tecnologias Qu\u00e2nticas: O que s\u00e3o? Onde vivem? Como se reproduzem?\n    <\/a>\n    <div class=\"info-webinario\">\n        Palestrante: Prof. Igor Konieczniak (UFPR)\n    <\/div>\n<\/div>\n\n<div class=\"item-webinario\">\n    <a href=\"https:\/\/www.youtube.com\/watch?v=FgVur_hUw_Q\" target=\"_blank\" rel=\"noopener\">\n        Dia Internacional da Luz \u2013 \u00d3ptica, Sociedade e Inova\u00e7\u00e3o\n    <\/a>\n    <div class=\"info-webinario\">\n        Evento especial\n    <\/div>\n<\/div>\n\n<div class=\"item-webinario\">\n    <a href=\"https:\/\/www.youtube.com\/watch?v=T6r9NkvNhto\" target=\"_blank\" rel=\"noopener\">\n        Divulga\u00e7\u00e3o Cient\u00edfica no Ensino Superior com UAIF\u00cdSICA!\n    <\/a>\n    <div class=\"info-webinario\">\n        Palestrante: Me. Filipe Menezes\n    <\/div>\n<\/div>\n\n<div class=\"item-webinario\">\n    <a href=\"https:\/\/www.youtube.com\/watch?v=LKCDAhWLXIo\" target=\"_blank\" rel=\"noopener\">\n        Energia Nuclear no P\u00f3s-Guerra e Hist\u00f3ria em Quadrinhos\n    <\/a>\n    <div class=\"info-webinario\">\n        Palestrante: Prof. Dr. Vinicius Jacques\n    <\/div>\n<\/div>\n\n<div class=\"item-webinario\">\n    <a href=\"https:\/\/www.youtube.com\/watch?v=0TnY5wOisi4\" target=\"_blank\" rel=\"noopener\">\n        Desvendando as Propriedades Estruturais, Eletr\u00f4nicas e \u00d3pticas de Minerais 2D Abundantes no Laborat\u00f3rio de Luz S\u00edncrotron\n    <\/a>\n    <div class=\"info-webinario\">\n        Palestrante: Prof\u00aa Dra. Ingrid Barcelos (LNLS)\n    <\/div>\n<\/div>\n    <\/div>\n","protected":false},"excerpt":{"rendered":"<p>Em 2024, os webin\u00e1rios abordaram temas atuais como tecnologias qu\u00e2nticas, aplica\u00e7\u00f5es da \u00d3ptica e divulga\u00e7\u00e3o cient\u00edfica, com participa\u00e7\u00e3o de pesquisadores de diferentes institui\u00e7\u00f5es. A seguir, [&hellip;]<\/p>\n","protected":false},"author":18,"featured_media":0,"parent":0,"menu_order":0,"comment_status":"closed","ping_status":"closed","template":"","meta":[],"_links":{"self":[{"href":"https:\/\/schapter.ufpr.br\/portal\/wp-json\/wp\/v2\/pages\/2656"}],"collection":[{"href":"https:\/\/schapter.ufpr.br\/portal\/wp-json\/wp\/v2\/pages"}],"about":[{"href":"https:\/\/schapter.ufpr.br\/portal\/wp-json\/wp\/v2\/types\/page"}],"author":[{"embeddable":true,"href":"https:\/\/schapter.ufpr.br\/portal\/wp-json\/wp\/v2\/users\/18"}],"replies":[{"embeddable":true,"href":"https:\/\/schapter.ufpr.br\/portal\/wp-json\/wp\/v2\/comments?post=2656"}],"version-history":[{"count":6,"href":"https:\/\/schapter.ufpr.br\/portal\/wp-json\/wp\/v2\/pages\/2656\/revisions"}],"predecessor-version":[{"id":2869,"href":"https:\/\/schapter.ufpr.br\/portal\/wp-json\/wp\/v2\/pages\/2656\/revisions\/2869"}],"wp:attachment":[{"href":"https:\/\/schapter.ufpr.br\/portal\/wp-json\/wp\/v2\/media?parent=2656"}],"curies":[{"name":"wp","href":"https:\/\/api.w.org\/{rel}","templated":true}]}}