{"id":2627,"date":"2025-04-22T14:27:12","date_gmt":"2025-04-22T17:27:12","guid":{"rendered":"https:\/\/schapter.ufpr.br\/portal\/?page_id=2627"},"modified":"2025-05-06T17:30:32","modified_gmt":"2025-05-06T20:30:32","slug":"eventos-em-2023","status":"publish","type":"page","link":"https:\/\/schapter.ufpr.br\/portal\/eventos-em-2023\/","title":{"rendered":"Eventos em 2023"},"content":{"rendered":"\n<p>Em 2023, com o fim da pandemia, pudemos realizar muito mais eventos presenciais, al\u00e9m de participarmos e colaborarmos com a organiza\u00e7\u00e3o de muitos outros dentro e fora da UFPR, o que nos permitiu alcan\u00e7ar um p\u00fablico muito maior, assim como ter o contato com diversos pesquisadores importantes para a \u00f3ptica e a ci\u00eancia. Nesse ano, tamb\u00e9m recebemos o <em>Chapter Community Engagement Prize <\/em>da OPTICA, sendo reconhecidos como um dos Student Chapters com maior atividade e impacto no mundo.<\/p>\n\n\n\n<ul><li>2023 XVII Escola de Ver\u00e3o Jorge Andr\u00e9 Swieca de \u00d3ptica Qu\u00e2ntica e \u00d3ptica N\u00e3o Linear;<\/li><\/ul>\n\n\n\n<div class=\"wp-block-image\"><figure class=\"aligncenter size-large is-resized\"><img loading=\"lazy\" src=\"https:\/\/schapter.ufpr.br\/portal\/wp-content\/uploads\/2025\/05\/2023jas.jpg\" alt=\"\" class=\"wp-image-2671\" width=\"461\" height=\"461\" srcset=\"https:\/\/schapter.ufpr.br\/portal\/wp-content\/uploads\/2025\/05\/2023jas.jpg 791w, https:\/\/schapter.ufpr.br\/portal\/wp-content\/uploads\/2025\/05\/2023jas-300x300.jpg 300w, https:\/\/schapter.ufpr.br\/portal\/wp-content\/uploads\/2025\/05\/2023jas-150x150.jpg 150w, https:\/\/schapter.ufpr.br\/portal\/wp-content\/uploads\/2025\/05\/2023jas-768x768.jpg 768w, https:\/\/schapter.ufpr.br\/portal\/wp-content\/uploads\/2025\/05\/2023jas-98x98.jpg 98w, https:\/\/schapter.ufpr.br\/portal\/wp-content\/uploads\/2025\/05\/2023jas-57x57.jpg 57w\" sizes=\"(max-width: 461px) 100vw, 461px\" \/><\/figure><\/div>\n\n\n\n<ul><li>Semana do Calouro do Curso de F\u00edsica da UFPR<\/li><\/ul>\n\n\n\n<div class=\"wp-block-image\"><figure class=\"aligncenter size-large is-resized\"><img loading=\"lazy\" src=\"https:\/\/schapter.ufpr.br\/portal\/wp-content\/uploads\/2025\/05\/2023semanadocalouro.jpg\" alt=\"\" class=\"wp-image-2673\" width=\"403\" height=\"403\" srcset=\"https:\/\/schapter.ufpr.br\/portal\/wp-content\/uploads\/2025\/05\/2023semanadocalouro.jpg 695w, https:\/\/schapter.ufpr.br\/portal\/wp-content\/uploads\/2025\/05\/2023semanadocalouro-300x300.jpg 300w, https:\/\/schapter.ufpr.br\/portal\/wp-content\/uploads\/2025\/05\/2023semanadocalouro-150x150.jpg 150w, https:\/\/schapter.ufpr.br\/portal\/wp-content\/uploads\/2025\/05\/2023semanadocalouro-98x98.jpg 98w, https:\/\/schapter.ufpr.br\/portal\/wp-content\/uploads\/2025\/05\/2023semanadocalouro-57x57.jpg 57w\" sizes=\"(max-width: 403px) 100vw, 403px\" \/><\/figure><\/div>\n\n\n\n<ul><li>Dia da Luz &#8211; Semin\u00e1rio com o Prof. Alexandre Pohl;<\/li><\/ul>\n\n\n\n<div class=\"wp-block-image\"><figure class=\"aligncenter size-large is-resized\"><img loading=\"lazy\" src=\"https:\/\/schapter.ufpr.br\/portal\/wp-content\/uploads\/2025\/05\/2023diadaluz-1.jpg\" alt=\"\" class=\"wp-image-2670\" width=\"425\" height=\"425\" srcset=\"https:\/\/schapter.ufpr.br\/portal\/wp-content\/uploads\/2025\/05\/2023diadaluz-1.jpg 591w, https:\/\/schapter.ufpr.br\/portal\/wp-content\/uploads\/2025\/05\/2023diadaluz-1-300x300.jpg 300w, https:\/\/schapter.ufpr.br\/portal\/wp-content\/uploads\/2025\/05\/2023diadaluz-1-150x150.jpg 150w, https:\/\/schapter.ufpr.br\/portal\/wp-content\/uploads\/2025\/05\/2023diadaluz-1-98x98.jpg 98w, https:\/\/schapter.ufpr.br\/portal\/wp-content\/uploads\/2025\/05\/2023diadaluz-1-57x57.jpg 57w\" sizes=\"(max-width: 425px) 100vw, 425px\" \/><\/figure><\/div>\n\n\n\n<ul><li>Encontro de Outono da Sociedade Brasileira de F\u00edsica 2023 &#8211; Ouro Preto, MG;<\/li><\/ul>\n\n\n\n<div class=\"wp-block-image\"><figure class=\"aligncenter size-large is-resized\"><img loading=\"lazy\" src=\"https:\/\/schapter.ufpr.br\/portal\/wp-content\/uploads\/2025\/05\/2023eosbf-1-1024x1024.jpg\" alt=\"\" class=\"wp-image-2681\" width=\"438\" height=\"438\" srcset=\"https:\/\/schapter.ufpr.br\/portal\/wp-content\/uploads\/2025\/05\/2023eosbf-1-1024x1024.jpg 1024w, https:\/\/schapter.ufpr.br\/portal\/wp-content\/uploads\/2025\/05\/2023eosbf-1-300x300.jpg 300w, https:\/\/schapter.ufpr.br\/portal\/wp-content\/uploads\/2025\/05\/2023eosbf-1-150x150.jpg 150w, https:\/\/schapter.ufpr.br\/portal\/wp-content\/uploads\/2025\/05\/2023eosbf-1-768x768.jpg 768w, https:\/\/schapter.ufpr.br\/portal\/wp-content\/uploads\/2025\/05\/2023eosbf-1-1536x1536.jpg 1536w, https:\/\/schapter.ufpr.br\/portal\/wp-content\/uploads\/2025\/05\/2023eosbf-1-2048x2048.jpg 2048w, https:\/\/schapter.ufpr.br\/portal\/wp-content\/uploads\/2025\/05\/2023eosbf-1-98x98.jpg 98w, https:\/\/schapter.ufpr.br\/portal\/wp-content\/uploads\/2025\/05\/2023eosbf-1-57x57.jpg 57w\" sizes=\"(max-width: 438px) 100vw, 438px\" \/><\/figure><\/div>\n\n\n\n<ul><li>Feira de Cursos e Profiss\u00f5es da UFPR;<\/li><\/ul>\n\n\n\n<div class=\"wp-block-image\"><figure class=\"aligncenter size-large is-resized\"><img loading=\"lazy\" src=\"https:\/\/schapter.ufpr.br\/portal\/wp-content\/uploads\/2025\/05\/2023feiradeprofissoes.jpg\" alt=\"\" class=\"wp-image-2672\" width=\"430\" height=\"430\" srcset=\"https:\/\/schapter.ufpr.br\/portal\/wp-content\/uploads\/2025\/05\/2023feiradeprofissoes.jpg 593w, https:\/\/schapter.ufpr.br\/portal\/wp-content\/uploads\/2025\/05\/2023feiradeprofissoes-300x300.jpg 300w, https:\/\/schapter.ufpr.br\/portal\/wp-content\/uploads\/2025\/05\/2023feiradeprofissoes-150x150.jpg 150w, https:\/\/schapter.ufpr.br\/portal\/wp-content\/uploads\/2025\/05\/2023feiradeprofissoes-98x98.jpg 98w, https:\/\/schapter.ufpr.br\/portal\/wp-content\/uploads\/2025\/05\/2023feiradeprofissoes-57x57.jpg 57w\" sizes=\"(max-width: 430px) 100vw, 430px\" \/><\/figure><\/div>\n\n\n\n<ul><li>Semana Acad\u00eamica da F\u00edsica da UFPR<\/li><\/ul>\n\n\n\n<div class=\"wp-block-image\"><figure class=\"aligncenter size-large is-resized\"><img loading=\"lazy\" src=\"https:\/\/schapter.ufpr.br\/portal\/wp-content\/uploads\/2025\/05\/2023saf.png\" alt=\"\" class=\"wp-image-2682\" width=\"433\" height=\"527\" srcset=\"https:\/\/schapter.ufpr.br\/portal\/wp-content\/uploads\/2025\/05\/2023saf.png 619w, https:\/\/schapter.ufpr.br\/portal\/wp-content\/uploads\/2025\/05\/2023saf-246x300.png 246w, https:\/\/schapter.ufpr.br\/portal\/wp-content\/uploads\/2025\/05\/2023saf-80x98.png 80w, https:\/\/schapter.ufpr.br\/portal\/wp-content\/uploads\/2025\/05\/2023saf-47x57.png 47w\" sizes=\"(max-width: 433px) 100vw, 433px\" \/><\/figure><\/div>\n\n\n\n<ul><li>75\u00aa Reuni\u00e3o Anual da Sociedade Brasileira para o Progresso da Ci\u00eancia \/ SBPC Jovem;<\/li><\/ul>\n\n\n\n<div class=\"wp-block-image\"><figure class=\"aligncenter size-large is-resized\"><img loading=\"lazy\" src=\"https:\/\/schapter.ufpr.br\/portal\/wp-content\/uploads\/2025\/05\/2023sbpc.png\" alt=\"\" class=\"wp-image-2678\" width=\"427\" height=\"427\" srcset=\"https:\/\/schapter.ufpr.br\/portal\/wp-content\/uploads\/2025\/05\/2023sbpc.png 775w, https:\/\/schapter.ufpr.br\/portal\/wp-content\/uploads\/2025\/05\/2023sbpc-300x300.png 300w, https:\/\/schapter.ufpr.br\/portal\/wp-content\/uploads\/2025\/05\/2023sbpc-150x150.png 150w, https:\/\/schapter.ufpr.br\/portal\/wp-content\/uploads\/2025\/05\/2023sbpc-768x768.png 768w, https:\/\/schapter.ufpr.br\/portal\/wp-content\/uploads\/2025\/05\/2023sbpc-98x98.png 98w, https:\/\/schapter.ufpr.br\/portal\/wp-content\/uploads\/2025\/05\/2023sbpc-57x57.png 57w\" sizes=\"(max-width: 427px) 100vw, 427px\" \/><\/figure><\/div>\n\n\n\n<ul><li>SBFoton Conference 2023 &#8211; Campinas, SP;<\/li><\/ul>\n\n\n\n<div class=\"wp-block-image\"><figure class=\"aligncenter size-large is-resized\"><img loading=\"lazy\" src=\"https:\/\/schapter.ufpr.br\/portal\/wp-content\/uploads\/2025\/05\/2023sbfoton.png\" alt=\"\" class=\"wp-image-2675\" width=\"428\" height=\"428\" srcset=\"https:\/\/schapter.ufpr.br\/portal\/wp-content\/uploads\/2025\/05\/2023sbfoton.png 720w, https:\/\/schapter.ufpr.br\/portal\/wp-content\/uploads\/2025\/05\/2023sbfoton-300x300.png 300w, https:\/\/schapter.ufpr.br\/portal\/wp-content\/uploads\/2025\/05\/2023sbfoton-150x150.png 150w, https:\/\/schapter.ufpr.br\/portal\/wp-content\/uploads\/2025\/05\/2023sbfoton-98x98.png 98w, https:\/\/schapter.ufpr.br\/portal\/wp-content\/uploads\/2025\/05\/2023sbfoton-57x57.png 57w\" sizes=\"(max-width: 428px) 100vw, 428px\" \/><\/figure><\/div>\n\n\n\n<ul><li>41\u00ba Semin\u00e1rio de Extens\u00e3o Universit\u00e1ria da Regi\u00e3o Sul (SEURS) &#8211; Ponta Grossa, PR<\/li><\/ul>\n\n\n\n<div class=\"wp-block-image\"><figure class=\"aligncenter size-large is-resized\"><img loading=\"lazy\" src=\"https:\/\/schapter.ufpr.br\/portal\/wp-content\/uploads\/2025\/05\/2023seurs.jpg\" alt=\"\" class=\"wp-image-2687\" width=\"430\" height=\"430\" srcset=\"https:\/\/schapter.ufpr.br\/portal\/wp-content\/uploads\/2025\/05\/2023seurs.jpg 963w, https:\/\/schapter.ufpr.br\/portal\/wp-content\/uploads\/2025\/05\/2023seurs-300x300.jpg 300w, https:\/\/schapter.ufpr.br\/portal\/wp-content\/uploads\/2025\/05\/2023seurs-150x150.jpg 150w, https:\/\/schapter.ufpr.br\/portal\/wp-content\/uploads\/2025\/05\/2023seurs-768x768.jpg 768w, https:\/\/schapter.ufpr.br\/portal\/wp-content\/uploads\/2025\/05\/2023seurs-98x98.jpg 98w, https:\/\/schapter.ufpr.br\/portal\/wp-content\/uploads\/2025\/05\/2023seurs-57x57.jpg 57w\" sizes=\"(max-width: 430px) 100vw, 430px\" \/><\/figure><\/div>\n\n\n\n<ul><li>XV Simp\u00f3sio de Lasers e suas aplica\u00e7\u00f5es &#8211; Recife, PE<\/li><\/ul>\n\n\n\n<div class=\"wp-block-image\"><figure class=\"aligncenter size-large is-resized\"><img loading=\"lazy\" src=\"https:\/\/schapter.ufpr.br\/portal\/wp-content\/uploads\/2025\/05\/2023simposiolasers.png\" alt=\"\" class=\"wp-image-2679\" width=\"426\" height=\"426\" srcset=\"https:\/\/schapter.ufpr.br\/portal\/wp-content\/uploads\/2025\/05\/2023simposiolasers.png 591w, https:\/\/schapter.ufpr.br\/portal\/wp-content\/uploads\/2025\/05\/2023simposiolasers-300x300.png 300w, https:\/\/schapter.ufpr.br\/portal\/wp-content\/uploads\/2025\/05\/2023simposiolasers-150x150.png 150w, https:\/\/schapter.ufpr.br\/portal\/wp-content\/uploads\/2025\/05\/2023simposiolasers-98x98.png 98w, https:\/\/schapter.ufpr.br\/portal\/wp-content\/uploads\/2025\/05\/2023simposiolasers-57x57.png 57w\" sizes=\"(max-width: 426px) 100vw, 426px\" \/><\/figure><\/div>\n\n\n\n<ul><li>Frontiers in Optics + Laser Science (FiO LS) &#8211; Washington DC, EUA<\/li><\/ul>\n\n\n\n<div class=\"wp-block-image\"><figure class=\"aligncenter size-large is-resized\"><img loading=\"lazy\" src=\"https:\/\/schapter.ufpr.br\/portal\/wp-content\/uploads\/2025\/05\/fio23-1024x1024.jpg\" alt=\"\" class=\"wp-image-2674\" width=\"417\" height=\"417\" srcset=\"https:\/\/schapter.ufpr.br\/portal\/wp-content\/uploads\/2025\/05\/fio23-1024x1024.jpg 1024w, https:\/\/schapter.ufpr.br\/portal\/wp-content\/uploads\/2025\/05\/fio23-300x300.jpg 300w, https:\/\/schapter.ufpr.br\/portal\/wp-content\/uploads\/2025\/05\/fio23-150x150.jpg 150w, https:\/\/schapter.ufpr.br\/portal\/wp-content\/uploads\/2025\/05\/fio23-768x768.jpg 768w, https:\/\/schapter.ufpr.br\/portal\/wp-content\/uploads\/2025\/05\/fio23-1536x1536.jpg 1536w, https:\/\/schapter.ufpr.br\/portal\/wp-content\/uploads\/2025\/05\/fio23-2048x2048.jpg 2048w, https:\/\/schapter.ufpr.br\/portal\/wp-content\/uploads\/2025\/05\/fio23-98x98.jpg 98w, https:\/\/schapter.ufpr.br\/portal\/wp-content\/uploads\/2025\/05\/fio23-57x57.jpg 57w\" sizes=\"(max-width: 417px) 100vw, 417px\" \/><\/figure><\/div>\n\n\n\n<ul><li>Student Leadership Experience &#8211; Washington DC, EUA &#8211; (Recebimento do Chapter Community Engagement Prize);<\/li><\/ul>\n\n\n\n<div class=\"wp-block-image\"><figure class=\"aligncenter size-large is-resized\"><img loading=\"lazy\" src=\"https:\/\/schapter.ufpr.br\/portal\/wp-content\/uploads\/2025\/05\/2023studentleadership.jpg\" alt=\"\" class=\"wp-image-2677\" width=\"402\" height=\"402\" srcset=\"https:\/\/schapter.ufpr.br\/portal\/wp-content\/uploads\/2025\/05\/2023studentleadership.jpg 587w, https:\/\/schapter.ufpr.br\/portal\/wp-content\/uploads\/2025\/05\/2023studentleadership-300x300.jpg 300w, https:\/\/schapter.ufpr.br\/portal\/wp-content\/uploads\/2025\/05\/2023studentleadership-150x150.jpg 150w, https:\/\/schapter.ufpr.br\/portal\/wp-content\/uploads\/2025\/05\/2023studentleadership-98x98.jpg 98w, https:\/\/schapter.ufpr.br\/portal\/wp-content\/uploads\/2025\/05\/2023studentleadership-57x57.jpg 57w\" sizes=\"(max-width: 402px) 100vw, 402px\" \/><\/figure><\/div>\n","protected":false},"excerpt":{"rendered":"<p>Em 2023, com o fim da pandemia, pudemos realizar muito mais eventos presenciais, al\u00e9m de participarmos e colaborarmos com a organiza\u00e7\u00e3o de muitos outros dentro [&hellip;]<\/p>\n","protected":false},"author":19,"featured_media":0,"parent":0,"menu_order":0,"comment_status":"closed","ping_status":"closed","template":"","meta":[],"_links":{"self":[{"href":"https:\/\/schapter.ufpr.br\/portal\/wp-json\/wp\/v2\/pages\/2627"}],"collection":[{"href":"https:\/\/schapter.ufpr.br\/portal\/wp-json\/wp\/v2\/pages"}],"about":[{"href":"https:\/\/schapter.ufpr.br\/portal\/wp-json\/wp\/v2\/types\/page"}],"author":[{"embeddable":true,"href":"https:\/\/schapter.ufpr.br\/portal\/wp-json\/wp\/v2\/users\/19"}],"replies":[{"embeddable":true,"href":"https:\/\/schapter.ufpr.br\/portal\/wp-json\/wp\/v2\/comments?post=2627"}],"version-history":[{"count":4,"href":"https:\/\/schapter.ufpr.br\/portal\/wp-json\/wp\/v2\/pages\/2627\/revisions"}],"predecessor-version":[{"id":2688,"href":"https:\/\/schapter.ufpr.br\/portal\/wp-json\/wp\/v2\/pages\/2627\/revisions\/2688"}],"wp:attachment":[{"href":"https:\/\/schapter.ufpr.br\/portal\/wp-json\/wp\/v2\/media?parent=2627"}],"curies":[{"name":"wp","href":"https:\/\/api.w.org\/{rel}","templated":true}]}}